{"id":54,"date":"2023-07-11T16:20:34","date_gmt":"2023-07-11T16:20:34","guid":{"rendered":"https:\/\/new.flamenco-eva.ch\/?page_id=54"},"modified":"2026-07-06T10:21:33","modified_gmt":"2026-07-06T08:21:33","slug":"cours","status":"publish","type":"page","link":"https:\/\/flamenco-eva.ch\/?page_id=54","title":{"rendered":"Cours"},"content":{"rendered":"\n<h2 class=\"wp-block-heading\">Horaire 2022-2023 (horaire 23-24 \u00e0 venir)<\/h2>\n\n\n\n<figure class=\"wp-block-table\"><table><tbody><tr><td class=\"has-text-align-center\" data-align=\"center\"><strong>&nbsp;<\/strong><\/td><td class=\"has-text-align-center\" data-align=\"center\"><strong>LUNDI<\/strong><\/td><td class=\"has-text-align-center\" data-align=\"center\"><strong>MARDI<\/strong><\/td><td class=\"has-text-align-center\" data-align=\"center\"><strong>MERCREDI<\/strong><\/td><td class=\"has-text-align-center\" data-align=\"center\"><strong>JEUDI<\/strong><\/td><td class=\"has-text-align-center\" data-align=\"center\"><strong>VENDREDI<\/strong><\/td><\/tr><tr><td class=\"has-text-align-center\" data-align=\"center\">9-10<\/td><td class=\"has-text-align-center\" data-align=\"center\">&nbsp;<\/td><td class=\"has-text-align-center\" data-align=\"center\">&nbsp;<\/td><td class=\"has-text-align-center\" data-align=\"center\"><em>&nbsp;<\/em><\/td><td class=\"has-text-align-center\" data-align=\"center\">&nbsp;<\/td><td class=\"has-text-align-center\" data-align=\"center\">&nbsp;<\/td><\/tr><tr><td class=\"has-text-align-center\" data-align=\"center\">10-11<\/td><td class=\"has-text-align-center\" data-align=\"center\">&nbsp;<\/td><td class=\"has-text-align-center\" data-align=\"center\">10h-11h <br><mark style=\"background-color:rgba(0, 0, 0, 0)\" class=\"has-inline-color has-vivid-cyan-blue-color\">cours priv\u00e9<\/mark><\/td><td class=\"has-text-align-center\" data-align=\"center\">10h-11h <br><mark style=\"background-color:rgba(0, 0, 0, 0)\" class=\"has-inline-color has-vivid-red-color\">s\u00e9niors<\/mark><\/td><td class=\"has-text-align-center\" data-align=\"center\">&nbsp;<\/td><td class=\"has-text-align-center\" data-align=\"center\">&nbsp;<\/td><\/tr><tr><td class=\"has-text-align-center\" data-align=\"center\">11-12<\/td><td class=\"has-text-align-center\" data-align=\"center\">11h-12h <br><mark style=\"background-color:rgba(0, 0, 0, 0)\" class=\"has-inline-color has-vivid-cyan-blue-color\">cours priv\u00e9<\/mark><\/td><td class=\"has-text-align-center\" data-align=\"center\">11h-12h <br><mark style=\"background-color:rgba(0, 0, 0, 0)\" class=\"has-inline-color has-vivid-cyan-blue-color\">cours priv\u00e9<\/mark><\/td><td class=\"has-text-align-center\" data-align=\"center\">11h-12h <br><mark style=\"background-color:rgba(0, 0, 0, 0)\" class=\"has-inline-color has-vivid-cyan-blue-color\">cours priv\u00e9<\/mark><\/td><td class=\"has-text-align-center\" data-align=\"center\">&nbsp;<\/td><td class=\"has-text-align-center\" data-align=\"center\">&nbsp;<\/td><\/tr><tr><td class=\"has-text-align-center\" data-align=\"center\">13-14<\/td><td class=\"has-text-align-center\" data-align=\"center\">&nbsp;<\/td><td class=\"has-text-align-center\" data-align=\"center\">12h-13h <br><mark style=\"background-color:rgba(0, 0, 0, 0)\" class=\"has-inline-color has-vivid-cyan-blue-color\">cours priv\u00e9<\/mark><\/td><td class=\"has-text-align-center\" data-align=\"center\">&nbsp;<\/td><td class=\"has-text-align-center\" data-align=\"center\">12h15-13h15 <br><mark style=\"background-color:rgba(0, 0, 0, 0)\" class=\"has-inline-color has-vivid-cyan-blue-color\">cours priv\u00e9<\/mark><\/td><td class=\"has-text-align-center\" data-align=\"center\">&nbsp;<\/td><\/tr><tr><td class=\"has-text-align-center\" data-align=\"center\">14-15<\/td><td class=\"has-text-align-center\" data-align=\"center\">&nbsp;<\/td><td class=\"has-text-align-center\" data-align=\"center\">&nbsp;<\/td><td class=\"has-text-align-center\" data-align=\"center\">14h30-15h30 <br><mark style=\"background-color:rgba(0, 0, 0, 0)\" class=\"has-inline-color has-vivid-cyan-blue-color\">cours priv\u00e9<\/mark><\/td><td class=\"has-text-align-center\" data-align=\"center\">&nbsp;<\/td><td class=\"has-text-align-center\" data-align=\"center\">&nbsp;<\/td><\/tr><tr><td class=\"has-text-align-center\" data-align=\"center\">15-16<\/td><td class=\"has-text-align-center\" data-align=\"center\">&nbsp;<\/td><td class=\"has-text-align-center\" data-align=\"center\">&nbsp;<\/td><td class=\"has-text-align-center\" data-align=\"center\">&nbsp;<\/td><td class=\"has-text-align-center\" data-align=\"center\">&nbsp;<\/td><td class=\"has-text-align-center\" data-align=\"center\">&nbsp;<\/td><\/tr><tr><td class=\"has-text-align-center\" data-align=\"center\">16-17<\/td><td class=\"has-text-align-center\" data-align=\"center\">16h-17h <br><mark style=\"background-color:rgba(0, 0, 0, 0)\" class=\"has-inline-color has-vivid-cyan-blue-color\">cours priv\u00e9<\/mark><\/td><td class=\"has-text-align-center\" data-align=\"center\">16h30-17h30 <br><mark style=\"background-color:rgba(0, 0, 0, 0)\" class=\"has-inline-color has-vivid-cyan-blue-color\">cours priv\u00e9<\/mark><\/td><td class=\"has-text-align-center\" data-align=\"center\">&nbsp;<\/td><td class=\"has-text-align-center\" data-align=\"center\">16h05-17h <br><mark style=\"background-color:rgba(0, 0, 0, 0)\" class=\"has-inline-color has-vivid-red-color\">filles 11-12 ans <\/mark><br><mark style=\"background-color:rgba(0, 0, 0, 0)\" class=\"has-inline-color has-vivid-cyan-blue-color\">moyen<\/mark><\/td><td class=\"has-text-align-center\" data-align=\"center\">&nbsp;<\/td><\/tr><tr><td class=\"has-text-align-center\" data-align=\"center\">17-18<\/td><td class=\"has-text-align-center\" data-align=\"center\">17h-18h <br><mark style=\"background-color:rgba(0, 0, 0, 0)\" class=\"has-inline-color has-vivid-cyan-blue-color\">cours priv\u00e9<\/mark><\/td><td class=\"has-text-align-center\" data-align=\"center\" rowspan=\"2\">17h30-19h <br><mark style=\"background-color:rgba(0, 0, 0, 0)\" class=\"has-inline-color has-vivid-red-color\">adultes <\/mark><br><mark style=\"background-color:rgba(0, 0, 0, 0)\" class=\"has-inline-color has-vivid-cyan-blue-color\">avanc\u00e9&nbsp;1<\/mark><\/td><td class=\"has-text-align-center\" data-align=\"center\">17h-18h <br><mark style=\"background-color:rgba(0, 0, 0, 0)\" class=\"has-inline-color has-vivid-cyan-blue-color\">cours priv\u00e9<\/mark><\/td><td class=\"has-text-align-center\" data-align=\"center\">17h-17h55 <br><mark style=\"background-color:rgba(0, 0, 0, 0)\" class=\"has-inline-color has-vivid-red-color\">filles <\/mark><br><mark style=\"background-color:rgba(0, 0, 0, 0)\" class=\"has-inline-color has-vivid-cyan-blue-color\">d\u00e9butant<\/mark><\/td><td class=\"has-text-align-center\" data-align=\"center\">&nbsp;<\/td><\/tr><tr><td class=\"has-text-align-center\" data-align=\"center\">18-19<\/td><td class=\"has-text-align-center\" data-align=\"center\">18h-19h <br><mark style=\"background-color:rgba(0, 0, 0, 0)\" class=\"has-inline-color has-vivid-red-color\">adultes <\/mark><br><mark style=\"background-color:rgba(0, 0, 0, 0)\" class=\"has-inline-color has-vivid-cyan-blue-color\">d\u00e9butant<\/mark><\/td><td class=\"has-text-align-center\" data-align=\"center\">&nbsp;18h-19h <br><mark style=\"background-color:rgba(0, 0, 0, 0)\" class=\"has-inline-color has-vivid-cyan-blue-color\">cours priv\u00e9<\/mark><\/td><td class=\"has-text-align-center\" data-align=\"center\">18h30-20h <br><mark style=\"background-color:rgba(0, 0, 0, 0)\" class=\"has-inline-color has-vivid-red-color\">adultes <\/mark><br><mark style=\"background-color:rgba(0, 0, 0, 0)\" class=\"has-inline-color has-vivid-cyan-blue-color\">avanc\u00e9&nbsp;2<\/mark><\/td><td class=\"has-text-align-center\" data-align=\"center\">&nbsp;<\/td><\/tr><tr><td class=\"has-text-align-center\" data-align=\"center\">19-20<\/td><td class=\"has-text-align-center\" data-align=\"center\" rowspan=\"2\">19h-20h30 <br><mark style=\"background-color:rgba(0, 0, 0, 0)\" class=\"has-inline-color has-vivid-red-color\">adultes <\/mark><br><mark style=\"background-color:rgba(0, 0, 0, 0)\" class=\"has-inline-color has-vivid-cyan-blue-color\">moyen<\/mark><\/td><td class=\"has-text-align-center\" data-align=\"center\">&nbsp;<\/td><td class=\"has-text-align-center\" data-align=\"center\">19-20h <br><mark style=\"background-color:rgba(0, 0, 0, 0)\" class=\"has-inline-color has-vivid-cyan-blue-color\">cours priv\u00e9<\/mark><\/td><td class=\"has-text-align-center\" data-align=\"center\">&nbsp;<\/td><td class=\"has-text-align-center\" data-align=\"center\">&nbsp;<\/td><\/tr><tr><td class=\"has-text-align-center\" data-align=\"center\">20-21<\/td><td class=\"has-text-align-center\" data-align=\"center\">&nbsp;<\/td><td class=\"has-text-align-center\" data-align=\"center\">&nbsp;<\/td><td class=\"has-text-align-center\" data-align=\"center\">&nbsp;<\/td><td class=\"has-text-align-center\" data-align=\"center\">&nbsp;<\/td><\/tr><\/tbody><\/table><\/figure>\n\n\n\n<h2 class=\"wp-block-heading\">Tarifs 2026-2027<\/h2>\n\n\n\n<figure class=\"wp-block-table\"><table><tbody><tr><td><\/td><td>30 min<\/td><td>40 min<\/td><td>50 min<\/td><td>60 min<\/td><td>75 min<\/td><td>90 min<\/td><\/tr><tr><td>Enfants (prix mensuel)<\/td><td>45.-<\/td><td>55.-<\/td><td>65.-<\/td><td>75.-<\/td><td>90.-<\/td><td>105.-<\/td><\/tr><tr><td>Adultes (prix mensuel)<\/td><td>50.-<\/td><td>60.-<\/td><td>70.-<\/td><td>80.-<\/td><td>95.-<\/td><td>110.-<\/td><\/tr><tr><td>Cours collectif (prix par cours)<\/td><td><\/td><td><\/td><td><\/td><td>35.-<\/td><td>45.-<\/td><td>55.-<\/td><\/tr><tr><td>Cours priv\u00e9 (prix par cours)<\/td><td><\/td><td><\/td><td><\/td><td>95.-<\/td><td><\/td><td><\/td><\/tr><\/tbody><\/table><\/figure>\n\n\n\n<p><a href=\"https:\/\/flamenco-eva.ch\/wp-content\/uploads\/2026\/07\/prix-2016-detail-1.pdf\">Tarifs d\u00e9taill\u00e9s disponibles ici<\/a>. Les cours ont lieu du 1er septembre au 30 juin. L&rsquo;\u00e9cole est ferm\u00e9e pendant les vacances scolaires. Des stages sont r\u00e9guli\u00e8rement propos\u00e9s durant l&rsquo;\u00e9t\u00e9.<\/p>\n\n\n\n<h2 class=\"wp-block-heading\">Inscriptions<\/h2>\n\n\n\n<p>Pour vous inscrire, vous pouvez contacter Eva directement par e-mail \u00e0 l&rsquo;adresse: <span id=\"email-protection\" onclick=\"display_email();\" style=\"color:blue\">(cliquer pour afficher email)<\/span>.<\/p>\n","protected":false},"excerpt":{"rendered":"<p>Horaire 2022-2023 (horaire 23-24 \u00e0 venir) &nbsp; LUNDI MARDI MERCREDI JEUDI VENDREDI 9-10 &nbsp; &nbsp; &nbsp; &nbsp; &nbsp; 10-11 &nbsp; 10h-11h cours priv\u00e9 10h-11h s\u00e9niors &nbsp; &nbsp; 11-12 11h-12h cours priv\u00e9 11h-12h cours priv\u00e9 11h-12h cours priv\u00e9 &nbsp; &nbsp; 13-14 &nbsp; 12h-13h cours priv\u00e9 &nbsp; 12h15-13h15 cours priv\u00e9 &nbsp; 14-15 &nbsp; &nbsp; 14h30-15h30 cours priv\u00e9&#8230;<\/p>\n","protected":false},"author":1,"featured_media":0,"parent":0,"menu_order":2,"comment_status":"closed","ping_status":"closed","template":"","meta":[],"_links":{"self":[{"href":"https:\/\/flamenco-eva.ch\/index.php?rest_route=\/wp\/v2\/pages\/54"}],"collection":[{"href":"https:\/\/flamenco-eva.ch\/index.php?rest_route=\/wp\/v2\/pages"}],"about":[{"href":"https:\/\/flamenco-eva.ch\/index.php?rest_route=\/wp\/v2\/types\/page"}],"author":[{"embeddable":true,"href":"https:\/\/flamenco-eva.ch\/index.php?rest_route=\/wp\/v2\/users\/1"}],"replies":[{"embeddable":true,"href":"https:\/\/flamenco-eva.ch\/index.php?rest_route=%2Fwp%2Fv2%2Fcomments&post=54"}],"version-history":[{"count":13,"href":"https:\/\/flamenco-eva.ch\/index.php?rest_route=\/wp\/v2\/pages\/54\/revisions"}],"predecessor-version":[{"id":811,"href":"https:\/\/flamenco-eva.ch\/index.php?rest_route=\/wp\/v2\/pages\/54\/revisions\/811"}],"wp:attachment":[{"href":"https:\/\/flamenco-eva.ch\/index.php?rest_route=%2Fwp%2Fv2%2Fmedia&parent=54"}],"curies":[{"name":"wp","href":"https:\/\/api.w.org\/{rel}","templated":true}]}}