{"id":69,"date":"2023-07-11T16:45:37","date_gmt":"2023-07-11T16:45:37","guid":{"rendered":"https:\/\/new.flamenco-eva.ch\/?page_id=69"},"modified":"2023-07-12T14:32:56","modified_gmt":"2023-07-12T14:32:56","slug":"stages","status":"publish","type":"page","link":"https:\/\/flamenco-eva.ch\/?page_id=69","title":{"rendered":"Stages"},"content":{"rendered":"\n<div class=\"wp-block-query is-layout-flow\"><ul class=\"wp-block-post-template is-layout-flow\"><li class=\"wp-block-post post-812 post type-post status-publish format-standard hentry category-stages\">\n<h2 class=\"wp-block-post-title\">Stage 2027 avec Almudena Serrano<\/h2>\n\n<div class=\"entry-content wp-block-post-content is-layout-flow\">\n<p>R\u00e9servez d\u00e9j\u00e0 les dates du prochain stage avec Almudena Serrano: du vendredi 8 au dimanche 10 octobre 2027!<\/p>\n<\/div>\n<\/li><\/ul>\n\n\n\n<\/div>\n\n\n\n<div style=\"height:30px\" aria-hidden=\"true\" class=\"wp-block-spacer\"><\/div>\n\n\n\n<h2 class=\"wp-block-heading\">Stages pass\u00e9s<\/h2>\n\n\n\n<div class=\"wp-block-query is-layout-flow\"><ul class=\"wp-block-post-template is-layout-flow\"><li class=\"wp-block-post post-263 post type-post status-publish format-standard has-post-thumbnail hentry category-stages-passes\">\n<h3 class=\"wp-block-post-title\"><a href=\"https:\/\/flamenco-eva.ch\/?p=263\" target=\"_self\" >Stage de danse Flamenca avec Almudena Serrano<\/a><\/h3>\n\n<figure style=\"width:500px;\" class=\"wp-block-post-featured-image\"><a href=\"https:\/\/flamenco-eva.ch\/?p=263\" target=\"_self\"  ><img width=\"843\" height=\"1264\" src=\"https:\/\/flamenco-eva.ch\/wp-content\/uploads\/2023\/07\/image.png\" class=\"attachment-full size-full wp-post-image\" alt=\"Stage de danse Flamenca avec Almudena Serrano\" decoding=\"async\" loading=\"lazy\" srcset=\"https:\/\/flamenco-eva.ch\/wp-content\/uploads\/2023\/07\/image.png 843w, https:\/\/flamenco-eva.ch\/wp-content\/uploads\/2023\/07\/image-200x300.png 200w, https:\/\/flamenco-eva.ch\/wp-content\/uploads\/2023\/07\/image-683x1024.png 683w, https:\/\/flamenco-eva.ch\/wp-content\/uploads\/2023\/07\/image-768x1152.png 768w, https:\/\/flamenco-eva.ch\/wp-content\/uploads\/2023\/07\/image-300x450.png 300w\" sizes=\"(max-width: 843px) 100vw, 843px\" \/><\/a><\/figure>\n<\/li><li class=\"wp-block-post post-213 post type-post status-publish format-standard has-post-thumbnail hentry category-stages-passes\">\n<h3 class=\"wp-block-post-title\"><a href=\"https:\/\/flamenco-eva.ch\/?p=213\" target=\"_self\" >Stage de danse Flamenca 2019 (8\u00e8me \u00e9dition) avec Almudena Serrano<\/a><\/h3>\n\n<figure style=\"width:500px;\" class=\"wp-block-post-featured-image\"><a href=\"https:\/\/flamenco-eva.ch\/?p=213\" target=\"_self\"  ><img width=\"960\" height=\"645\" src=\"https:\/\/flamenco-eva.ch\/wp-content\/uploads\/2023\/07\/almudena1.jpg\" class=\"attachment-full size-full wp-post-image\" alt=\"Stage de danse Flamenca 2019 (8\u00e8me \u00e9dition) avec Almudena Serrano\" decoding=\"async\" loading=\"lazy\" srcset=\"https:\/\/flamenco-eva.ch\/wp-content\/uploads\/2023\/07\/almudena1.jpg 960w, https:\/\/flamenco-eva.ch\/wp-content\/uploads\/2023\/07\/almudena1-300x202.jpg 300w, https:\/\/flamenco-eva.ch\/wp-content\/uploads\/2023\/07\/almudena1-768x516.jpg 768w, https:\/\/flamenco-eva.ch\/wp-content\/uploads\/2023\/07\/almudena1-850x571.jpg 850w\" sizes=\"(max-width: 960px) 100vw, 960px\" \/><\/a><\/figure>\n<\/li><li class=\"wp-block-post post-229 post type-post status-publish format-standard has-post-thumbnail hentry category-stages-passes\">\n<h3 class=\"wp-block-post-title\"><a href=\"https:\/\/flamenco-eva.ch\/?p=229\" target=\"_self\" >Stage de danse Flamenca 2017 (7\u00e8me \u00e9dition) avec Angelita Gomez<\/a><\/h3>\n\n<figure style=\"width:500px;\" class=\"wp-block-post-featured-image\"><a href=\"https:\/\/flamenco-eva.ch\/?p=229\" target=\"_self\"  ><img width=\"617\" height=\"747\" src=\"https:\/\/flamenco-eva.ch\/wp-content\/uploads\/2023\/07\/affiche2010-3.png\" class=\"attachment-full size-full wp-post-image\" alt=\"Stage de danse Flamenca 2017 (7\u00e8me \u00e9dition) avec Angelita Gomez\" decoding=\"async\" loading=\"lazy\" srcset=\"https:\/\/flamenco-eva.ch\/wp-content\/uploads\/2023\/07\/affiche2010-3.png 617w, https:\/\/flamenco-eva.ch\/wp-content\/uploads\/2023\/07\/affiche2010-3-248x300.png 248w, https:\/\/flamenco-eva.ch\/wp-content\/uploads\/2023\/07\/affiche2010-3-300x363.png 300w\" sizes=\"(max-width: 617px) 100vw, 617px\" \/><\/a><\/figure>\n<\/li><\/ul>\n\n\n\n<\/div>\n","protected":false},"excerpt":{"rendered":"<p>Stages pass\u00e9s<\/p>\n","protected":false},"author":1,"featured_media":0,"parent":0,"menu_order":4,"comment_status":"closed","ping_status":"closed","template":"","meta":[],"_links":{"self":[{"href":"https:\/\/flamenco-eva.ch\/index.php?rest_route=\/wp\/v2\/pages\/69"}],"collection":[{"href":"https:\/\/flamenco-eva.ch\/index.php?rest_route=\/wp\/v2\/pages"}],"about":[{"href":"https:\/\/flamenco-eva.ch\/index.php?rest_route=\/wp\/v2\/types\/page"}],"author":[{"embeddable":true,"href":"https:\/\/flamenco-eva.ch\/index.php?rest_route=\/wp\/v2\/users\/1"}],"replies":[{"embeddable":true,"href":"https:\/\/flamenco-eva.ch\/index.php?rest_route=%2Fwp%2Fv2%2Fcomments&post=69"}],"version-history":[{"count":7,"href":"https:\/\/flamenco-eva.ch\/index.php?rest_route=\/wp\/v2\/pages\/69\/revisions"}],"predecessor-version":[{"id":233,"href":"https:\/\/flamenco-eva.ch\/index.php?rest_route=\/wp\/v2\/pages\/69\/revisions\/233"}],"wp:attachment":[{"href":"https:\/\/flamenco-eva.ch\/index.php?rest_route=%2Fwp%2Fv2%2Fmedia&parent=69"}],"curies":[{"name":"wp","href":"https:\/\/api.w.org\/{rel}","templated":true}]}}