{"id":71,"date":"2023-07-11T16:46:02","date_gmt":"2023-07-11T16:46:02","guid":{"rendered":"https:\/\/new.flamenco-eva.ch\/?page_id=71"},"modified":"2023-07-19T18:41:29","modified_gmt":"2023-07-19T16:41:29","slug":"blog","status":"publish","type":"page","link":"https:\/\/flamenco-eva.ch\/?page_id=71","title":{"rendered":"Blog"},"content":{"rendered":"\n<div class=\"wp-block-query is-layout-flow\"><ul class=\"wp-block-post-template is-layout-flow\"><li class=\"wp-block-post post-812 post type-post status-publish format-standard hentry category-stages\">\n<h3 class=\"wp-block-post-title\"><a href=\"https:\/\/flamenco-eva.ch\/?p=812\" target=\"_self\" >Stage 2027 avec Almudena Serrano<\/a><\/h3>\n\n<div class=\"entry-content wp-block-post-content is-layout-flow\">\n<p>R\u00e9servez d\u00e9j\u00e0 les dates du prochain stage avec Almudena Serrano: du vendredi 8 au dimanche 10 octobre 2027!<\/p>\n<\/div>\n\n<div class=\"has-text-align-right wp-block-post-date\"><time datetime=\"2026-07-06T10:27:36+02:00\">07\/06\/2026<\/time><\/div>\n\n\n<div style=\"height:3px\" aria-hidden=\"true\" class=\"wp-block-spacer grayspacer\"><\/div>\n\n<\/li><li class=\"wp-block-post post-796 post type-post status-publish format-standard hentry category-blog\">\n<h3 class=\"wp-block-post-title\"><a href=\"https:\/\/flamenco-eva.ch\/?p=796\" target=\"_self\" >Grand spectacle \u00e0 Daillens 2026<\/a><\/h3>\n\n<div class=\"entry-content wp-block-post-content is-layout-flow\">\n<p>R\u00e9servez d\u00e9j\u00e0 le samedi 13 juin 2026 pour notre grand spectacle! <\/p>\n<\/div>\n\n<div class=\"has-text-align-right wp-block-post-date\"><time datetime=\"2025-06-05T13:35:00+02:00\">06\/05\/2025<\/time><\/div>\n\n\n<div style=\"height:3px\" aria-hidden=\"true\" class=\"wp-block-spacer grayspacer\"><\/div>\n\n<\/li><li class=\"wp-block-post post-795 post type-post status-publish format-standard hentry category-blog category-uncategorized\">\n<h3 class=\"wp-block-post-title\"><a href=\"https:\/\/flamenco-eva.ch\/?p=795\" target=\"_self\" >Ap\u00e9ro por Sevillanas 2025<\/a><\/h3>\n\n<div class=\"entry-content wp-block-post-content is-layout-flow\">\n<figure class=\"wp-block-image size-full\"><img decoding=\"async\" loading=\"lazy\" width=\"670\" height=\"950\" src=\"https:\/\/flamenco-eva.ch\/wp-content\/uploads\/2025\/06\/image.png\" alt=\"\" class=\"wp-image-801\" srcset=\"https:\/\/flamenco-eva.ch\/wp-content\/uploads\/2025\/06\/image.png 670w, https:\/\/flamenco-eva.ch\/wp-content\/uploads\/2025\/06\/image-212x300.png 212w, https:\/\/flamenco-eva.ch\/wp-content\/uploads\/2025\/06\/image-300x425.png 300w\" sizes=\"(max-width: 670px) 100vw, 670px\" \/><\/figure>\n<\/div>\n\n<div class=\"has-text-align-right wp-block-post-date\"><time datetime=\"2025-06-05T13:33:13+02:00\">06\/05\/2025<\/time><\/div>\n\n\n<div style=\"height:3px\" aria-hidden=\"true\" class=\"wp-block-spacer grayspacer\"><\/div>\n\n<\/li><\/ul>\n\n<nav class=\"wp-block-query-pagination is-layout-flex\" aria-label=\"Pagination\">\n\n\n<div class=\"wp-block-query-pagination-numbers\"><span aria-current=\"page\" class=\"page-numbers current\">1<\/span>\n<a class=\"page-numbers\" href=\"?query-1-page=2&#038;rest_route=%2Fwp%2Fv2%2Fpages%2F71\">2<\/a><\/div>\n\n<a href=\"\/index.php?rest_route=%2Fwp%2Fv2%2Fpages%2F71&#038;query-1-page=2\" class=\"wp-block-query-pagination-next\">Page suivante<\/a>\n<\/nav>\n\n<\/div>\n\n\n\n<p><\/p>\n","protected":false},"excerpt":{"rendered":"","protected":false},"author":1,"featured_media":0,"parent":0,"menu_order":6,"comment_status":"closed","ping_status":"closed","template":"","meta":[],"_links":{"self":[{"href":"https:\/\/flamenco-eva.ch\/index.php?rest_route=\/wp\/v2\/pages\/71"}],"collection":[{"href":"https:\/\/flamenco-eva.ch\/index.php?rest_route=\/wp\/v2\/pages"}],"about":[{"href":"https:\/\/flamenco-eva.ch\/index.php?rest_route=\/wp\/v2\/types\/page"}],"author":[{"embeddable":true,"href":"https:\/\/flamenco-eva.ch\/index.php?rest_route=\/wp\/v2\/users\/1"}],"replies":[{"embeddable":true,"href":"https:\/\/flamenco-eva.ch\/index.php?rest_route=%2Fwp%2Fv2%2Fcomments&post=71"}],"version-history":[{"count":20,"href":"https:\/\/flamenco-eva.ch\/index.php?rest_route=\/wp\/v2\/pages\/71\/revisions"}],"predecessor-version":[{"id":386,"href":"https:\/\/flamenco-eva.ch\/index.php?rest_route=\/wp\/v2\/pages\/71\/revisions\/386"}],"wp:attachment":[{"href":"https:\/\/flamenco-eva.ch\/index.php?rest_route=%2Fwp%2Fv2%2Fmedia&parent=71"}],"curies":[{"name":"wp","href":"https:\/\/api.w.org\/{rel}","templated":true}]}}